{"id":22,"date":"2018-10-12T08:29:59","date_gmt":"2018-10-12T06:29:59","guid":{"rendered":"http:\/\/stansgar.katolsk.no\/?page_id=22"},"modified":"2026-04-07T10:41:35","modified_gmt":"2026-04-07T08:41:35","slug":"stella-maris-mandal","status":"publish","type":"page","link":"https:\/\/stansgar.katolsk.no\/?page_id=22","title":{"rendered":"Stella Maris, Mandal"},"content":{"rendered":"<h3 class=\"post-title entry-title\">Messer i Mandal 2026<\/h3>\n<div class=\"post-header\">\n<div class=\"post-header-line-1\"><\/div>\n<\/div>\n<div id=\"post-body-5681540322029117131\" class=\"post-body entry-content\"><b>Mandal, Stella Maris, Leirvikveien 16.\u00a0<\/b><br \/>\n<b><br \/>\n<\/b><b>NB: Nytt klokkeslett for messene i Mandal er kl. 17.00<\/b><\/div>\n<div>\n<p>Det er mulighet for skriftem\u00e5l 30 minutter f\u00f8r messene.<\/p>\n<\/div>\n<div><\/div>\n<div>Messeplan vinteren og v\u00e5ren 2026.<br \/>\n( Messe feires andre s\u00f8ndag i m\u00e5neden, kl. 17.00):<\/div>\n<table style=\"width: 608px; height: 347px;\">\n<tbody>\n<tr>\n<td style=\"width: 67px;\">S\u00f8ndag<\/td>\n<td style=\"width: 90px;\">11. januar<\/td>\n<td style=\"width: 96.8906px;\">kl. 17.00<\/td>\n<\/tr>\n<tr>\n<td style=\"width: 67px;\">S\u00f8ndag<\/td>\n<td style=\"width: 90px;\">08. februar<\/td>\n<td style=\"width: 96.8906px;\">Kl. 17.00<\/td>\n<\/tr>\n<tr>\n<td style=\"width: 67px;\">S\u00f8ndag<\/td>\n<td style=\"width: 90px;\">08. mars<\/td>\n<td style=\"width: 96.8906px;\">kl. 17.00<\/td>\n<\/tr>\n<tr>\n<td style=\"width: 67px;\">S\u00f8ndag<\/td>\n<td style=\"width: 90px;\">12. april<\/td>\n<td style=\"width: 96.8906px;\">kl. 17.00<\/td>\n<\/tr>\n<tr>\n<td style=\"width: 67px;\">S\u00f8ndag<\/p>\n<p>*Torsdag<\/td>\n<td style=\"width: 90px;\">10. mai<\/p>\n<p>14. mai<\/td>\n<td style=\"width: 96.8906px;\">kl. 17.00<\/p>\n<p>kl. 12.00<\/p>\n<p>felles messe p\u00e5 norsk<br \/>\nKristi himmelfart<\/td>\n<\/tr>\n<tr>\n<td style=\"width: 67px;\">S\u00f8ndag<\/td>\n<td style=\"width: 90px;\">14. juni<\/td>\n<td style=\"width: 96.8906px;\">kl. 17.00<\/td>\n<\/tr>\n<\/tbody>\n<\/table>\n<div>\n<p><b>Velkommen!<\/b><\/p>\n<p><span style=\"color: #ff0000;\">OM SOMMEREN ( JULI OG AUGUST) FEIRES DET\u00a0 IKKE MESSE P\u00c5 STELLA MARIS .<\/span><\/p>\n<\/div>\n","protected":false},"excerpt":{"rendered":"<p>Messer i Mandal 2026 Mandal, Stella Maris, Leirvikveien 16.\u00a0 NB: Nytt klokkeslett for messene i Mandal er kl. 17.00 Det er mulighet for skriftem\u00e5l 30 minutter f\u00f8r messene. Messeplan vinteren og v\u00e5ren 2026. ( Messe feires andre s\u00f8ndag i m\u00e5neden,&#8230;<br \/><a class=\"read-more-button\" href=\"https:\/\/stansgar.katolsk.no\/?page_id=22\">Read more<\/a><\/p>\n","protected":false},"author":2,"featured_media":0,"parent":17,"menu_order":0,"comment_status":"closed","ping_status":"open","template":"","meta":{"footnotes":""},"class_list":["post-22","page","type-page","status-publish","hentry"],"_links":{"self":[{"href":"https:\/\/stansgar.katolsk.no\/index.php?rest_route=\/wp\/v2\/pages\/22","targetHints":{"allow":["GET"]}}],"collection":[{"href":"https:\/\/stansgar.katolsk.no\/index.php?rest_route=\/wp\/v2\/pages"}],"about":[{"href":"https:\/\/stansgar.katolsk.no\/index.php?rest_route=\/wp\/v2\/types\/page"}],"author":[{"embeddable":true,"href":"https:\/\/stansgar.katolsk.no\/index.php?rest_route=\/wp\/v2\/users\/2"}],"replies":[{"embeddable":true,"href":"https:\/\/stansgar.katolsk.no\/index.php?rest_route=%2Fwp%2Fv2%2Fcomments&post=22"}],"version-history":[{"count":50,"href":"https:\/\/stansgar.katolsk.no\/index.php?rest_route=\/wp\/v2\/pages\/22\/revisions"}],"predecessor-version":[{"id":23066,"href":"https:\/\/stansgar.katolsk.no\/index.php?rest_route=\/wp\/v2\/pages\/22\/revisions\/23066"}],"up":[{"embeddable":true,"href":"https:\/\/stansgar.katolsk.no\/index.php?rest_route=\/wp\/v2\/pages\/17"}],"wp:attachment":[{"href":"https:\/\/stansgar.katolsk.no\/index.php?rest_route=%2Fwp%2Fv2%2Fmedia&parent=22"}],"curies":[{"name":"wp","href":"https:\/\/api.w.org\/{rel}","templated":true}]}}