{"id":10961,"date":"2022-08-24T13:52:01","date_gmt":"2022-08-24T11:52:01","guid":{"rendered":"https:\/\/stansgar.katolsk.no\/?page_id=10961"},"modified":"2025-08-22T13:46:06","modified_gmt":"2025-08-22T11:46:06","slug":"timeplaner-for-andre-lordag-i-maneden-for-2-3-og-1-4-6-7-trinn-i-katekesearet-2022-2023","status":"publish","type":"page","link":"https:\/\/stansgar.katolsk.no\/?page_id=10961","title":{"rendered":"TIMEPLANER FOR ANDRE L\u00d8RDAG I M\u00c5NEDEN FOR 1., 2., 3., 4. OG  5., 6., 7. TRINN I KATEKESE\u00c5RET 2025 &#8211; 2026"},"content":{"rendered":"\r\n<h4 class=\"has-vivid-red-color has-text-color wp-block-heading\">SEPTEMBER :<\/h4>\r\n<ul>\r\n<li>FORMIDDAG<br>[bg_collapse view=&raquo;button-green&raquo; color=&raquo;#4a4949&#8243; icon=&raquo;arrow&raquo; expand_text=&raquo;Vis mer&raquo; collapse_text=&raquo;Vis mindre&raquo; ]<br><br>\r\n<table>\r\n<tbody>\r\n<tr>\r\n<td>\r\n<p><strong>OPPSTARTSKATEKESEN 13. SEPTEMBER<br>FOR 1., 2., 3. OG 4. TRINN<br>&nbsp;<\/strong><\/p>\r\n<p><strong><em><u>Kl. 10:00 &#8211; 14:00 &#8211; 1., 2., 3. og 4. trinn:<\/u><\/em><\/strong><\/p>\r\n<p>\u00b7&nbsp;&nbsp;&nbsp;&nbsp;&nbsp;&nbsp;&nbsp;&nbsp; Kl. 10:00 &#8211; 10:30: Oppstartsm\u00f8te<\/p>\r\n<p>\u00b7&nbsp;&nbsp;&nbsp;&nbsp;&nbsp;&nbsp;&nbsp;&nbsp; Kl. 10:30 &#8211; 11:00: Katekese<\/p>\r\n<p>\u00b7&nbsp;&nbsp;&nbsp;&nbsp;&nbsp;&nbsp;&nbsp;&nbsp; Kl. 11:00 &#8211; 11:30: Lunsj<\/p>\r\n<p>\u00b7&nbsp;&nbsp;&nbsp;&nbsp;&nbsp;&nbsp;&nbsp;&nbsp; Kl. 11:30 &#8211; 12:50: Katekese &#8211; pause etter behov<\/p>\r\n<p>\u00b7&nbsp;&nbsp;&nbsp;&nbsp;&nbsp;&nbsp;&nbsp;&nbsp; Kl. 12:50 &#8211; 12:55: Forflytning til kirka<\/p>\r\n<p>\u00b7&nbsp;&nbsp;&nbsp;&nbsp;&nbsp;&nbsp;&nbsp;&nbsp; Kl. 12:55 &#8211; 13:00: Barn er stille og ber.<\/p>\r\n<p>\u00b7&nbsp;&nbsp;&nbsp;&nbsp;&nbsp;&nbsp;&nbsp;&nbsp; Kl. 13:00 &#8211; 14:00: Katekesemesse<\/p>\r\n<p>&nbsp;<\/p>\r\n<p><strong>Det er ikke tilbedelse.<\/strong><\/p>\r\n<\/td>\r\n<\/tr>\r\n<\/tbody>\r\n<\/table>\r\n[\/bg_collapse]<\/li>\r\n<li>ETTERMIDDAG:<br>[bg_collapse view=&raquo;button-green&raquo; color=&raquo;#4a4949&#8243; icon=&raquo;arrow&raquo; expand_text=&raquo;Vis mer&raquo; collapse_text=&raquo;Vis mindre&raquo; ]<br><br>\r\n<table>\r\n<tbody>\r\n<tr>\r\n<td>\r\n<p><strong>13. SEPTEMBER OPPSTARTSKATEKESE <br>FOR 5., 6. OG 7. TRINN:<\/strong><\/p>\r\n<p><strong>&nbsp;<\/strong><strong><em><u>Kl. 13:00 &#8211; 17:00: 5., 6. og 7. trinn<\/u><\/em><\/strong><\/p>\r\n<p>\u00b7&nbsp;&nbsp;&nbsp;&nbsp;&nbsp;&nbsp;&nbsp;&nbsp; Kl. 13:00 &#8211; 14:00: Katekesemesse<\/p>\r\n<p>\u00b7&nbsp;&nbsp;&nbsp;&nbsp;&nbsp;&nbsp;&nbsp;&nbsp; Kl. 14:00 &#8211; 14:30: Oppstartsm\u00f8te<\/p>\r\n<p>\u00b7&nbsp;&nbsp;&nbsp;&nbsp;&nbsp;&nbsp;&nbsp;&nbsp; Kl. 14:30 &#8211; 15:00: Katekese<\/p>\r\n<p>\u00b7&nbsp;&nbsp;&nbsp;&nbsp;&nbsp;&nbsp;&nbsp;&nbsp; Kl. 15:00 &#8211; 15:30: Lunsj<\/p>\r\n<p>\u00b7&nbsp;&nbsp;&nbsp;&nbsp;&nbsp;&nbsp;&nbsp;&nbsp; Kl. 15:30 &#8211; 17:00: Katekese &#8211; pause&nbsp; &nbsp; etter behov<\/p>\r\n<\/td>\r\n<\/tr>\r\n<\/tbody>\r\n<\/table>\r\n<strong>Det er ikke tilbedelse.<\/strong>[\/bg_collapse]<\/li>\r\n<\/ul>\r\n\r\n\r\n\r\n<figure class=\"wp-block-table\"><\/figure>\r\n\r\n\r\n\r\n<h4 class=\"has-vivid-red-color has-text-color wp-block-heading\">FRA OKTOBER 2025 TIL MAI 2026&nbsp;<\/h4>\r\n<ul>\r\n<li>FORMIDDAG<br>[bg_collapse view=&raquo;button-green&raquo; color=&raquo;#4a4949&#8243; icon=&raquo;arrow&raquo; expand_text=&raquo;Vis mer&raquo; collapse_text=&raquo;Vis mindre&raquo; ]<br>\r\n<table>\r\n<tbody>\r\n<tr>\r\n<td>\r\n<table>\r\n<tbody>\r\n<tr>\r\n<td>\r\n<p><strong>KATEKESE FOR 1., 2., 3., OG 4. TRINN<br><\/strong>H\u00f8sten 2025: 11.10., 08.11., 13.12.<\/p>\r\n<p>V\u00e5ren 2026: 10.01., 14.02., 14.03., 11.04., 09.05., <strong>06.06.<\/strong><\/p>\r\n<p><strong><em><u>Kl. 10:00 &#8211; 14:00 &#8211; 1., 2., 3. 4. trinn:<\/u><\/em><\/strong><\/p>\r\n<p>\u00b7&nbsp;&nbsp;&nbsp;&nbsp;&nbsp;&nbsp;&nbsp;&nbsp; Kl. 10:00 &#8211; 11:00: Katekese<\/p>\r\n<p>\u00b7&nbsp;&nbsp;&nbsp;&nbsp;&nbsp;&nbsp;&nbsp;&nbsp; Kl. 11:00 &#8211; 11:30: Lunsj<\/p>\r\n<p>\u00b7&nbsp;&nbsp;&nbsp;&nbsp;&nbsp;&nbsp;&nbsp;&nbsp; Kl. 11:30 &#8211; 11:45: Tilbedelse i kirka for 1., 2. og 4. trinn<\/p>\r\n<p>\u00b7&nbsp;&nbsp;&nbsp;&nbsp;&nbsp;&nbsp;&nbsp;&nbsp; Kl. 11.45 &#8211; 12.00: Tilbedelse for i&nbsp; kirka 3A, 3B, 3C<\/p>\r\n<p>\u00b7&nbsp;&nbsp;&nbsp;&nbsp;&nbsp;&nbsp;&nbsp;&nbsp; Kl. 11:45 &#8211; 12:50: Katekese &#8211; pause&nbsp; &nbsp;etter behov<\/p>\r\n<p>\u00b7&nbsp;&nbsp;&nbsp;&nbsp;&nbsp;&nbsp;&nbsp;&nbsp; Kl. 12:50 &#8211; 12:55: Forflytning til kirka<\/p>\r\n<p>\u00b7&nbsp;&nbsp;&nbsp;&nbsp;&nbsp;&nbsp;&nbsp;&nbsp; Kl. 12:55 &#8211; 13:00: Barn er stille og ber.<\/p>\r\n<p>\u00b7&nbsp;&nbsp;&nbsp;&nbsp;&nbsp;&nbsp;&nbsp;&nbsp; Kl. 13:00 &#8211; 14:00: Katekesemesse<\/p>\r\n<p><strong>11.10.<\/strong>: Rosenkransandakt i kirka:<br>&nbsp;&nbsp;&nbsp;&nbsp;&nbsp;&nbsp;&nbsp;&nbsp;&nbsp;&nbsp;&nbsp;&nbsp; &#8211; kl. 11.30 &#8211; 11.45: 1., 2. og 4. trinn<br>&nbsp;&nbsp;&nbsp;&nbsp;&nbsp;&nbsp;&nbsp;&nbsp;&nbsp;&nbsp;&nbsp;&nbsp; &#8211; kl. 11.45 &#8211; 12.00: 3A, 3B, 3C<\/p>\r\n<p><strong>11.10.<\/strong>: Feire helgendagen til Carlo Acutis<br>&nbsp;&nbsp;&nbsp;&nbsp;&nbsp;&nbsp;&nbsp;&nbsp;&nbsp;&nbsp;&nbsp;&nbsp;&nbsp; Dagen er 12.10.<\/p>\r\n<p><strong>13.12<\/strong>.: Julespill i katekesemessen<\/p>\r\n<p><strong>14.03<\/strong>.: P\u00e5skespill i katekesemessen<\/p>\r\n<p><strong>11.04.<\/strong>: 9. trinn har praksis p\u00e5 1.-4. trinn<\/p>\r\n<p><strong>09.05<\/strong>.: Rosenkransandakt i kirka:<\/p>\r\n<p>&nbsp;&nbsp;&nbsp;&nbsp;&nbsp;&nbsp;&nbsp;&nbsp;&nbsp;&nbsp;&nbsp;&nbsp; &#8211; kl. 11.30 &#8211; 11.45: 1., 2. og 4. trinn<br>&nbsp;&nbsp;&nbsp;&nbsp;&nbsp;&nbsp;&nbsp;&nbsp;&nbsp;&nbsp;&nbsp;&nbsp; &#8211; kl. 11.45 &#8211; 12.00: 3A, 3B, 3C<\/p>\r\n<p><strong>09.05<\/strong>. Kl. 12.00 &#8211; 12.45: 3B og 3C \u00f8ver i kirka til 1. Hl. kom.<\/p>\r\n<\/td>\r\n<\/tr>\r\n<\/tbody>\r\n<\/table>\r\n<p>&nbsp; &nbsp; &nbsp; &nbsp; &nbsp;&nbsp;<\/p>\r\n<\/td>\r\n<\/tr>\r\n<tr>\r\n<td>\r\n<p>&nbsp;<\/p>\r\n<\/td>\r\n<\/tr>\r\n<\/tbody>\r\n<\/table>\r\n<br>[\/bg_collapse]<br><br><\/li>\r\n<li>ETTERMIDDAG:<br>[bg_collapse view=&raquo;button-green&raquo; color=&raquo;#4a4949&#8243; icon=&raquo;arrow&raquo; expand_text=&raquo;Vis mer&raquo; collapse_text=&raquo;Vis mindre&raquo; ]<br>\r\n<table>\r\n<tbody>\r\n<tr style=\"height: 569.906px;\">\r\n<td style=\"height: 569.906px;\">\r\n<p><strong>KATEKESE FOR 5., 6. OG 7. TRINN<br><\/strong>H\u00f8sten: 11.10., 08.11., 13.12.<\/p>\r\n<p>V\u00e5ren: 10.01., 14.02., 14.03., 11.04., 09.05., <strong>06.06.<\/strong><\/p>\r\n<p><strong><em><u>Kl. 13:00 &#8211; 17:00: 5., 6. og 7. trinn<\/u><\/em><\/strong><\/p>\r\n<p>\u00b7&nbsp;&nbsp;&nbsp;&nbsp;&nbsp;&nbsp;&nbsp;&nbsp; Kl. 13:00 &#8211; 14:00: Katekesemesse<\/p>\r\n<p>\u00b7&nbsp;&nbsp;&nbsp;&nbsp;&nbsp;&nbsp;&nbsp;&nbsp; Kl. 14:00 &#8211; 15:00: Katekese<\/p>\r\n<p>\u00b7&nbsp;&nbsp;&nbsp;&nbsp;&nbsp;&nbsp;&nbsp;&nbsp; Kl. 15:00 &#8211; 15:30: Lunsj<\/p>\r\n<p>\u00b7&nbsp;&nbsp;&nbsp;&nbsp;&nbsp;&nbsp;&nbsp;&nbsp; Kl. 15:30 &#8211; 15:45: Tilbedelse i kirka<\/p>\r\n<p>\u00b7&nbsp;&nbsp;&nbsp;&nbsp;&nbsp;&nbsp;&nbsp;&nbsp; Kl. 15:45 &#8211; 17:00: Katekese &#8211; pause etter behov<br><br><\/p>\r\n<p><strong>11.10<\/strong>.: Rosenkransandakt i kirka kl. 15.30<\/p>\r\n<p><strong>11.10<\/strong>: Feire helgendagen til Carlo Acutis<br>&nbsp;&nbsp;&nbsp;&nbsp;&nbsp;&nbsp;&nbsp;&nbsp;&nbsp;&nbsp;&nbsp;&nbsp; Dagen er 12.10.<\/p>\r\n<p><strong>13.12<\/strong>.: Julespill i katekesemessen<\/p>\r\n<p><strong>14.03<\/strong>.: P\u00e5skespill i katekesemessen<\/p>\r\n<p><strong>09.05<\/strong>.: Rosenkransandakt i kirka kl. 15.30<\/p>\r\n<\/td>\r\n<\/tr>\r\n<\/tbody>\r\n<\/table>\r\n[\/bg_collapse]<\/li>\r\n<\/ul>\r\n\r\n\r\n\r\n<figure class=\"wp-block-table\"><\/figure>\r\n\r\n\r\n\r\n\r\n\r\n<figure class=\"wp-block-table\"><\/figure>\r\n\r\n\r\n\r\n<h4 class=\"has-vivid-red-color has-text-color wp-block-heading\">DESEMBER 2025 OG MARS 2026 (4., 5., 6. OG 7. TRINN)- SKRIFTEM\u00c5L:<\/h4>\r\n<ul>\r\n<li style=\"list-style-type: none;\">\r\n<ul>\r\n<li>FORMIDDAG<br>[bg_collapse view=&raquo;button-green&raquo; color=&raquo;#4a4949&#8243; icon=&raquo;arrow&raquo; expand_text=&raquo;Vis mer&raquo; collapse_text=&raquo;Vis mindre&raquo; ]<br><strong><strong><br><\/strong><\/strong>\r\n<table>\r\n<tbody>\r\n<tr>\r\n<td>\r\n<p><strong>SKRIFTEM\u00c5L FOR 4. TRINN<\/strong><\/p>\r\n<p><strong>13.12.25: Skriftem\u00e5l<\/strong><\/p>\r\n<p><strong>14.03.26: Skriftem\u00e5l<\/strong><\/p>\r\n<p><strong>&nbsp;<\/strong><\/p>\r\n<p><strong><em><u>Kl. 10:00 &#8211; 14:00 &#8211; 4. trinn:<\/u><\/em><\/strong><\/p>\r\n<p>\u00b7&nbsp;&nbsp;&nbsp;&nbsp;&nbsp;&nbsp;&nbsp;&nbsp; Kl. 10:00 &#8211; Samles i klassen<\/p>\r\n<p>\u00b7&nbsp;&nbsp;&nbsp;&nbsp;&nbsp;&nbsp;&nbsp;&nbsp; Kl. 10:15 &#8211; 10:45: Skriftem\u00e5l<\/p>\r\n<p>\u00b7&nbsp;&nbsp;&nbsp;&nbsp;&nbsp;&nbsp;&nbsp;&nbsp; Kl. 11:00 &#8211; 11:30: Lunsj<\/p>\r\n<p>\u00b7&nbsp;&nbsp;&nbsp;&nbsp;&nbsp;&nbsp;&nbsp;&nbsp; Kl. 11:30 &#8211; 12:50: Katekese<\/p>\r\n<p>\u00b7&nbsp;&nbsp;&nbsp;&nbsp;&nbsp;&nbsp;&nbsp;&nbsp; Kl. 12:50 &#8211; 12:55: Forflytning til kirka<\/p>\r\n<p>\u00b7&nbsp;&nbsp;&nbsp;&nbsp;&nbsp;&nbsp;&nbsp;&nbsp; Kl. 12:55 &#8211; 13:00: Barn og ungdommer&nbsp; &nbsp; er stille og ber.<\/p>\r\n<p>\u00b7&nbsp;&nbsp;&nbsp;&nbsp;&nbsp;&nbsp;&nbsp;&nbsp; Kl. 13:00 &#8211; 14:00: Katekesemesse<\/p>\r\n<p>13.12.25: Skrifte p\u00e5 polsk kl. 14:15 &#8211; 15:00<br>14.03.26: Skrifte p\u00e5 polsk kl. 14:15 &#8211; 15:00<\/p>\r\n<\/td>\r\n<\/tr>\r\n<\/tbody>\r\n<\/table>\r\n<br>[\/bg_collapse]<br><br><\/li>\r\n<\/ul>\r\n<\/li>\r\n<li>ETTERMIDDAG<br>[bg_collapse view=&raquo;button-green&raquo; color=&raquo;#4a4949&#8243; icon=&raquo;arrow&raquo; expand_text=&raquo;Vis mer&raquo; collapse_text=&raquo;Vis mindre&raquo; ]<br>\r\n<table>\r\n<tbody>\r\n<tr>\r\n<td>\r\n<p><strong>SKRIFTEM\u00c5L I KATEKESEN FOR 5., 6.<br>OG 7. TRINN<br><br><\/strong><\/p>\r\n<p><strong>13.12.25: Skriftem\u00e5l<\/strong><\/p>\r\n<p><strong>14.03.25: Skriftem\u00e5l<\/strong><\/p>\r\n<p>&nbsp;<\/p>\r\n<p><strong><em><u>Kl. 13:00 &#8211; 17:00: &nbsp;5., 6. og 7. trinn<\/u><\/em><\/strong><\/p>\r\n<p>\u00b7&nbsp;&nbsp;&nbsp;&nbsp;&nbsp;&nbsp;&nbsp;&nbsp; Kl. 13:00 &#8211; 14:00: Katekesemesse<\/p>\r\n<p>\u00b7&nbsp;&nbsp;&nbsp;&nbsp;&nbsp;&nbsp;&nbsp;&nbsp; Kl. 14:00 &#8211; 15:00: Skriftem\u00e5l\/Katekese<\/p>\r\n<p>\u00b7&nbsp;&nbsp;&nbsp;&nbsp;&nbsp;&nbsp;&nbsp;&nbsp; 14:15 &#8211; 15:00: Polske barn kan skrifte p\u00e5 polsk<\/p>\r\n<p>\u00b7&nbsp;&nbsp;&nbsp;&nbsp;&nbsp;&nbsp;&nbsp;&nbsp; Kl. 15:00 &#8211; 15:30: Lunsj<\/p>\r\n<p>\u00b7&nbsp;&nbsp;&nbsp;&nbsp;&nbsp;&nbsp;&nbsp;&nbsp; Kl. 15:30 &#8211; 17:00: Skriftem\u00e5l\/Katekese &#8211; pause etter behov<\/p>\r\n<p>&nbsp;<\/p>\r\n<p><strong>Det er ikke tilbedelse pga. skriftem\u00e5l i kirka.<\/strong><\/p>\r\n<\/td>\r\n<\/tr>\r\n<\/tbody>\r\n<\/table>\r\n<br>[\/bg_collapse]<\/li>\r\n<\/ul>\r\n\r\n\r\n\r\n<figure class=\"wp-block-table\"><\/figure>\r\n\r\n\r\n\r\n<h4 class=\"has-vivid-red-color has-text-color wp-block-heading\">FELLES AVSLUTNING I JUNI 2026:<\/h4>\r\n<ul>\r\n<li>FORMIDDAG<br>[bg_collapse view=&raquo;button-green&raquo; color=&raquo;#4a4949&#8243; icon=&raquo;arrow&raquo; expand_text=&raquo;Vis mer&raquo; collapse_text=&raquo;Vis mindre&raquo; ]<br>\r\n<table>\r\n<tbody>\r\n<tr>\r\n<td>\r\n<p><strong>&nbsp;<\/strong><strong>6. JUNI 2026: FELLES AVSLUTNING<\/strong><\/p>\r\n<p><strong>KATEKESE: 1., 2., 3. OG 4. TRINN<\/strong><\/p>\r\n<p><strong>&nbsp;<\/strong><\/p>\r\n<p><strong>Kl. 10.00 \u2013 10.15:<\/strong> Barna samles i klassene<\/p>\r\n<p><strong>Kl. 10.15 \u2013 11.15:<\/strong> Felles aktiviteter &#8211; kateketer g\u00e5r med klassen sin om mulig<\/p>\r\n<p><strong>Kl. 11.15 \u2013 12.00:<\/strong> Lunsj med p\u00f8lser og is<\/p>\r\n<p><strong>Kl. 12.00 \u2013 12.45:<\/strong> Avslutning i respektive klasser og god sommer<\/p>\r\n<p><strong>kl. 12.45 \u2013 12.55:<\/strong> Pause ved behov<\/p>\r\n<p><strong>Kl. 12:50 &#8211; 12:55:<\/strong> Forflytning til kirka<\/p>\r\n<p><strong>Kl. 12:55 &#8211; 13:00:<\/strong> Forberedelse til messe<\/p>\r\n<p><strong>Kl. 13.00 \u2013 14.00:<\/strong> Katekesemesse<\/p>\r\n<p>&nbsp;<\/p>\r\n<p><strong>Det er ikke tilbedelse.<\/strong><\/p>\r\n<\/td>\r\n<\/tr>\r\n<\/tbody>\r\n<\/table>\r\n<br>[\/bg_collapse]<br><br><\/li>\r\n<li>ETTERMIDDAG<br>[bg_collapse view=&raquo;button-green&raquo; color=&raquo;#4a4949&#8243; icon=&raquo;arrow&raquo; expand_text=&raquo;Vis mer&raquo; collapse_text=&raquo;Vis mindre&raquo; ]<br><br>\r\n<table width=\"1040\">\r\n<tbody>\r\n<tr>\r\n<td width=\"265\">\r\n<p>&nbsp;<\/p>\r\n<p><strong>6. JUNI 2026 FELLES AVSLUTNING <br>FOR 5., 6., 7., 8., OG 9. TRINN:<\/strong><strong><br><br><\/strong><em><strong><u>Kl. 13:00 \u2013 17:00:&nbsp;<\/u><\/strong><\/em><strong><u>5., 6., 7., 8., 9.&nbsp;<\/u><\/strong><em><strong><u>trinn<\/u><\/strong><\/em><br>Kl. 13:00 \u2013 14:00: Katekesemesse<br>Kl. 14:00 \u2013 15:00: Katekese<br>Kl. 15:00 \u2013 15:30: Lunsj<br>Kl. 15:30 \u2013 16:45: Felles aktiviteter<br>Kl. 16.45 \u2013 17:00: Avslutte i klasse-rommene og god sommer \ud83d\ude42<br><br><br><strong>Det er ikke tilbedelse.<\/strong><\/p>\r\n<p>&nbsp;<\/p>\r\n<\/td>\r\n<\/tr>\r\n<\/tbody>\r\n<\/table>\r\n[\/bg_collapse]<\/li>\r\n<\/ul>\r\n<h4 class=\"has-vivid-red-color has-text-color\">S\u00d8NDAGER: KATEKESE FOR 3. TRINN- forberedelse til 1. Hellige Kommunion:<\/h4>\r\n[bg_collapse view=&raquo;button-green&raquo; color=&raquo;#4a4949&#8243; icon=&raquo;arrow&raquo; expand_text=&raquo;Vis mer&raquo; collapse_text=&raquo;Vis mindre&raquo; ]\r\n<table>\r\n<tbody>\r\n<tr>\r\n<td>\r\n<p><strong><u>S\u00d8NDAGER:<\/u> KATEKESE FOR 3. TRINN <\/strong><\/p>\r\n<p><strong>&nbsp;<\/strong>H\u00f8st 2025: 21.9., 19.10., 16.11., 21.12.<\/p>\r\n<p>V\u00e5r 2026: 18.1., 15.3., 19.4.<\/p>\r\n<p><strong>&nbsp;<\/strong><strong><u>Kl. 10:15 &#8211; 10:45 &#8211; 3. trinn:<\/u><\/strong><\/p>\r\n<p>\u00b7&nbsp;&nbsp;&nbsp;&nbsp;&nbsp;&nbsp;&nbsp;&nbsp; Kl. 10:15.00 &#8211; 10:45: Katekese<\/p>\r\n<p>\u00b7&nbsp;&nbsp;&nbsp;&nbsp;&nbsp;&nbsp;&nbsp;&nbsp; Messe for barn og foreldre:<\/p>\r\n<p>&#8211; kl. 09.00 p\u00e5 polsk &nbsp; eller<br>&#8211; kl. 11.00 p\u00e5 norsk<\/p>\r\n<\/td>\r\n<\/tr>\r\n<\/tbody>\r\n<\/table>\r\n[\/bg_collapse]\r\n\r\n\r\n\r\n<figure class=\"wp-block-table\"><\/figure>\r\n","protected":false},"excerpt":{"rendered":"<p>SEPTEMBER : FORMIDDAG[bg_collapse view=&raquo;button-green&raquo; color=&raquo;#4a4949&#8243; icon=&raquo;arrow&raquo; expand_text=&raquo;Vis mer&raquo; collapse_text=&raquo;Vis mindre&raquo; ] OPPSTARTSKATEKESEN 13. SEPTEMBERFOR 1., 2., 3. OG 4. TRINN&nbsp; Kl. 10:00 &#8211; 14:00 &#8211; 1., 2., 3. og 4. trinn: \u00b7&nbsp;&nbsp;&nbsp;&nbsp;&nbsp;&nbsp;&nbsp;&nbsp; Kl. 10:00 &#8211; 10:30: Oppstartsm\u00f8te \u00b7&nbsp;&nbsp;&nbsp;&nbsp;&nbsp;&nbsp;&nbsp;&nbsp; Kl. 10:30&#8230;<br \/><a class=\"read-more-button\" href=\"https:\/\/stansgar.katolsk.no\/?page_id=10961\">Read more<\/a><\/p>\n","protected":false},"author":1,"featured_media":0,"parent":0,"menu_order":0,"comment_status":"closed","ping_status":"closed","template":"","meta":{"footnotes":""},"class_list":["post-10961","page","type-page","status-publish","hentry"],"_links":{"self":[{"href":"https:\/\/stansgar.katolsk.no\/index.php?rest_route=\/wp\/v2\/pages\/10961","targetHints":{"allow":["GET"]}}],"collection":[{"href":"https:\/\/stansgar.katolsk.no\/index.php?rest_route=\/wp\/v2\/pages"}],"about":[{"href":"https:\/\/stansgar.katolsk.no\/index.php?rest_route=\/wp\/v2\/types\/page"}],"author":[{"embeddable":true,"href":"https:\/\/stansgar.katolsk.no\/index.php?rest_route=\/wp\/v2\/users\/1"}],"replies":[{"embeddable":true,"href":"https:\/\/stansgar.katolsk.no\/index.php?rest_route=%2Fwp%2Fv2%2Fcomments&post=10961"}],"version-history":[{"count":32,"href":"https:\/\/stansgar.katolsk.no\/index.php?rest_route=\/wp\/v2\/pages\/10961\/revisions"}],"predecessor-version":[{"id":22445,"href":"https:\/\/stansgar.katolsk.no\/index.php?rest_route=\/wp\/v2\/pages\/10961\/revisions\/22445"}],"wp:attachment":[{"href":"https:\/\/stansgar.katolsk.no\/index.php?rest_route=%2Fwp%2Fv2%2Fmedia&parent=10961"}],"curies":[{"name":"wp","href":"https:\/\/api.w.org\/{rel}","templated":true}]}}